{"id":33,"date":"2023-09-07T11:03:13","date_gmt":"2023-09-07T09:03:13","guid":{"rendered":"http:\/\/tmp.vki-mg.net\/?page_id=33"},"modified":"2023-11-16T18:35:00","modified_gmt":"2023-11-16T17:35:00","slug":"ueber-uns","status":"publish","type":"page","link":"http:\/\/tmp.vki-mg.net\/start\/ueber-uns\/","title":{"rendered":"\u00dcber uns"},"content":{"rendered":"\n<figure class=\"wp-block-image size-full\"><img decoding=\"async\" src=\"http:\/\/tmp.vki-mg.net\/wp-content\/uploads\/2023\/11\/IMG-20231116-WA0000.jpg\" alt=\"\" class=\"wp-image-77\"\/><\/figure>\n\n\n\n<h3 class=\"wp-block-heading\">Verband f\u00fcr Kulturen &amp; Integration in M\u00f6nchengladbach e.V. ( VKI-MG e.V. )<\/h3>\n\n\n\n<p>Der VKI-MG e.V. ist der Mitgliedsverband in der Region M\u00f6nchengladbach. Gegr\u00fcndet Ende Januar 2018 von 10 Gr\u00fcndungsmitgliedern, heute (Stand August 22) 16 Mitglieder. Die Mitgliedsorganisationen vertreten Menschen aus Syrien, Afghanistan, Eritrea, Aserbaidschan, den MAGHREB-Staaten, T\u00fcrkei, Pal\u00e4stina, aus den L\u00e4ndern Westafrikas, Kongo und aus Osteuropa. Im Fokus stehen vor allem Projekte mit Kindern und Jugendlichen und deren Familien, aber auch Projekte und Unterst\u00fctzung zur kulturellen Integration. Wenn es gelingt, den Kindern und Jugendlichen eine gute Bildung und Ausbildung zu geben und ihnen die Chance geben, Kontakte mit Jungen und M\u00e4dchen aus vielen L\u00e4ndern zu leben, schaffen wir die Basis f\u00fcr eine gelungene und vor allem nachhaltige Integration.<\/p>\n\n\n\n<p><strong>Gegr\u00fcndet:<\/strong><strong>&nbsp;<\/strong>Januar 2018<\/p>\n\n\n\n<h1 class=\"wp-block-heading\">Anzahl Mitglieder: 16<\/h1>\n\n\n\n<p><strong>Schwerpunkte:<\/strong><\/p>\n\n\n\n<p>Bildung und Ausbildung, kulturelle Vielfalt, Treffpunkte schaffen, Einbindung in die Gesellschaftliche Kultur und Struktur der Stadt, Netzwerke kreieren<\/p>\n\n\n\n<p><strong>Anzahl Mitarbeiter: 1<\/strong><\/p>\n\n\n\n<p><strong>Anzahl Ehrenamtliche: 11<\/strong><\/p>\n\n\n\n<p><strong>Vertreten in Gremien:<\/strong><\/p>\n\n\n\n<p>Kooperatives Mitglied des Integrationsrates \/ Zusammenarbeit mit dem Kommunalen Integrationszentrum &#8211; KI in M\u00f6nchengladbach \/ Partner der Integrationsplanung der Stadt MG \/ Gr\u00fcndungsmitglied NEMO NRW \/ Kooperationen mit den Kultureinrichtungen der Stadt<\/p>\n\n\n\n<p>\/ Partner des Sozio-kulturellen Zentrums Haus des Handels\/ Impulsgeber f\u00fcr ein \u201aHaus der Kulturen MG\u2018\/ Kooperation mit der Parit\u00e4tischen MG<\/p>\n\n\n\n<h3 class=\"wp-block-heading\">\u00d6ffentlichkeitsarbeit:<\/h3>\n\n\n\n<p>Pressekontakt: Fatma Ar\/ 0163-2453894\/&nbsp;<a href=\"mailto:fatma.ar@vki-mg.net\">fatma.ar@vki-mg.net<\/a><\/p>\n","protected":false},"excerpt":{"rendered":"<p>Verband f\u00fcr Kulturen &amp; Integration in M\u00f6nchengladbach e.V. ( VKI-MG e.V. ) Der VKI-MG e.V. ist der Mitgliedsverband in der Region M\u00f6nchengladbach. Gegr\u00fcndet Ende Januar 2018 von 10 Gr\u00fcndungsmitgliedern, heute (Stand August 22) 16 Mitglieder. Die Mitgliedsorganisationen vertreten Menschen aus Syrien, Afghanistan, Eritrea, Aserbaidschan, den MAGHREB-Staaten, T\u00fcrkei, Pal\u00e4stina, aus den L\u00e4ndern Westafrikas, Kongo und aus [&hellip;]<\/p>\n","protected":false},"author":1,"featured_media":0,"parent":0,"menu_order":0,"comment_status":"closed","ping_status":"closed","template":"","meta":{"footnotes":""},"class_list":["post-33","page","type-page","status-publish","hentry"],"yoast_head":"<!-- This site is optimized with the Yoast SEO plugin v21.5 - https:\/\/yoast.com\/wordpress\/plugins\/seo\/ -->\n<title>\u00dcber uns -<\/title>\n<meta name=\"robots\" content=\"index, follow, max-snippet:-1, max-image-preview:large, max-video-preview:-1\" \/>\n<link rel=\"canonical\" href=\"http:\/\/tmp.vki-mg.net\/start\/ueber-uns\/\" \/>\n<meta property=\"og:locale\" content=\"de_DE\" \/>\n<meta property=\"og:type\" content=\"article\" \/>\n<meta property=\"og:title\" content=\"\u00dcber uns -\" \/>\n<meta property=\"og:description\" content=\"Verband f\u00fcr Kulturen &amp; Integration in M\u00f6nchengladbach e.V. ( VKI-MG e.V. ) Der VKI-MG e.V. ist der Mitgliedsverband in der Region M\u00f6nchengladbach. Gegr\u00fcndet Ende Januar 2018 von 10 Gr\u00fcndungsmitgliedern, heute (Stand August 22) 16 Mitglieder. Die Mitgliedsorganisationen vertreten Menschen aus Syrien, Afghanistan, Eritrea, Aserbaidschan, den MAGHREB-Staaten, T\u00fcrkei, Pal\u00e4stina, aus den L\u00e4ndern Westafrikas, Kongo und aus [&hellip;]\" \/>\n<meta property=\"og:url\" content=\"http:\/\/tmp.vki-mg.net\/start\/ueber-uns\/\" \/>\n<meta property=\"article:publisher\" content=\"https:\/\/www.facebook.com\/profile.php?id=100064016290898&amp;sk=about\" \/>\n<meta property=\"article:modified_time\" content=\"2023-11-16T17:35:00+00:00\" \/>\n<meta property=\"og:image\" content=\"http:\/\/tmp.vki-mg.net\/wp-content\/uploads\/2023\/11\/IMG-20231116-WA0000.jpg\" \/>\n<meta name=\"twitter:card\" content=\"summary_large_image\" \/>\n<meta name=\"twitter:label1\" content=\"Gesch\u00e4tzte Lesezeit\" \/>\n\t<meta name=\"twitter:data1\" content=\"1\u00a0Minute\" \/>\n<script type=\"application\/ld+json\" class=\"yoast-schema-graph\">{\"@context\":\"https:\/\/schema.org\",\"@graph\":[{\"@type\":\"WebPage\",\"@id\":\"http:\/\/tmp.vki-mg.net\/start\/ueber-uns\/\",\"url\":\"http:\/\/tmp.vki-mg.net\/start\/ueber-uns\/\",\"name\":\"\u00dcber uns -\",\"isPartOf\":{\"@id\":\"http:\/\/tmp.vki-mg.net\/start\/#website\"},\"datePublished\":\"2023-09-07T09:03:13+00:00\",\"dateModified\":\"2023-11-16T17:35:00+00:00\",\"breadcrumb\":{\"@id\":\"http:\/\/tmp.vki-mg.net\/start\/ueber-uns\/#breadcrumb\"},\"inLanguage\":\"de\",\"potentialAction\":[{\"@type\":\"ReadAction\",\"target\":[\"http:\/\/tmp.vki-mg.net\/start\/ueber-uns\/\"]}]},{\"@type\":\"BreadcrumbList\",\"@id\":\"http:\/\/tmp.vki-mg.net\/start\/ueber-uns\/#breadcrumb\",\"itemListElement\":[{\"@type\":\"ListItem\",\"position\":1,\"name\":\"Startseite\",\"item\":\"http:\/\/tmp.vki-mg.net\/start\/\"},{\"@type\":\"ListItem\",\"position\":2,\"name\":\"\u00dcber uns\"}]},{\"@type\":\"WebSite\",\"@id\":\"http:\/\/tmp.vki-mg.net\/start\/#website\",\"url\":\"http:\/\/tmp.vki-mg.net\/start\/\",\"name\":\"Verband f\u00fcr Kulturen und Integration\",\"description\":\"\",\"publisher\":{\"@id\":\"http:\/\/tmp.vki-mg.net\/start\/#organization\"},\"potentialAction\":[{\"@type\":\"SearchAction\",\"target\":{\"@type\":\"EntryPoint\",\"urlTemplate\":\"http:\/\/tmp.vki-mg.net\/start\/?s={search_term_string}\"},\"query-input\":\"required name=search_term_string\"}],\"inLanguage\":\"de\"},{\"@type\":\"Organization\",\"@id\":\"http:\/\/tmp.vki-mg.net\/start\/#organization\",\"name\":\"Verband f\u00fcr Kulturen und Integration in M\u00f6nchengladbach e.V.\",\"url\":\"http:\/\/tmp.vki-mg.net\/start\/\",\"logo\":{\"@type\":\"ImageObject\",\"inLanguage\":\"de\",\"@id\":\"http:\/\/tmp.vki-mg.net\/start\/#\/schema\/logo\/image\/\",\"url\":\"http:\/\/tmp.vki-mg.net\/wp-content\/uploads\/2023\/09\/cropped-Logo-VKI-Moenchengladbach.png\",\"contentUrl\":\"http:\/\/tmp.vki-mg.net\/wp-content\/uploads\/2023\/09\/cropped-Logo-VKI-Moenchengladbach.png\",\"width\":3348,\"height\":1056,\"caption\":\"Verband f\u00fcr Kulturen und Integration in M\u00f6nchengladbach e.V.\"},\"image\":{\"@id\":\"http:\/\/tmp.vki-mg.net\/start\/#\/schema\/logo\/image\/\"},\"sameAs\":[\"https:\/\/www.facebook.com\/profile.php?id=100064016290898&sk=about\"]}]}<\/script>\n<!-- \/ Yoast SEO plugin. -->","yoast_head_json":{"title":"\u00dcber uns -","robots":{"index":"index","follow":"follow","max-snippet":"max-snippet:-1","max-image-preview":"max-image-preview:large","max-video-preview":"max-video-preview:-1"},"canonical":"http:\/\/tmp.vki-mg.net\/start\/ueber-uns\/","og_locale":"de_DE","og_type":"article","og_title":"\u00dcber uns -","og_description":"Verband f\u00fcr Kulturen &amp; Integration in M\u00f6nchengladbach e.V. ( VKI-MG e.V. ) Der VKI-MG e.V. ist der Mitgliedsverband in der Region M\u00f6nchengladbach. Gegr\u00fcndet Ende Januar 2018 von 10 Gr\u00fcndungsmitgliedern, heute (Stand August 22) 16 Mitglieder. Die Mitgliedsorganisationen vertreten Menschen aus Syrien, Afghanistan, Eritrea, Aserbaidschan, den MAGHREB-Staaten, T\u00fcrkei, Pal\u00e4stina, aus den L\u00e4ndern Westafrikas, Kongo und aus [&hellip;]","og_url":"http:\/\/tmp.vki-mg.net\/start\/ueber-uns\/","article_publisher":"https:\/\/www.facebook.com\/profile.php?id=100064016290898&sk=about","article_modified_time":"2023-11-16T17:35:00+00:00","og_image":[{"url":"http:\/\/tmp.vki-mg.net\/wp-content\/uploads\/2023\/11\/IMG-20231116-WA0000.jpg"}],"twitter_card":"summary_large_image","twitter_misc":{"Gesch\u00e4tzte Lesezeit":"1\u00a0Minute"},"schema":{"@context":"https:\/\/schema.org","@graph":[{"@type":"WebPage","@id":"http:\/\/tmp.vki-mg.net\/start\/ueber-uns\/","url":"http:\/\/tmp.vki-mg.net\/start\/ueber-uns\/","name":"\u00dcber uns -","isPartOf":{"@id":"http:\/\/tmp.vki-mg.net\/start\/#website"},"datePublished":"2023-09-07T09:03:13+00:00","dateModified":"2023-11-16T17:35:00+00:00","breadcrumb":{"@id":"http:\/\/tmp.vki-mg.net\/start\/ueber-uns\/#breadcrumb"},"inLanguage":"de","potentialAction":[{"@type":"ReadAction","target":["http:\/\/tmp.vki-mg.net\/start\/ueber-uns\/"]}]},{"@type":"BreadcrumbList","@id":"http:\/\/tmp.vki-mg.net\/start\/ueber-uns\/#breadcrumb","itemListElement":[{"@type":"ListItem","position":1,"name":"Startseite","item":"http:\/\/tmp.vki-mg.net\/start\/"},{"@type":"ListItem","position":2,"name":"\u00dcber uns"}]},{"@type":"WebSite","@id":"http:\/\/tmp.vki-mg.net\/start\/#website","url":"http:\/\/tmp.vki-mg.net\/start\/","name":"Verband f\u00fcr Kulturen und Integration","description":"","publisher":{"@id":"http:\/\/tmp.vki-mg.net\/start\/#organization"},"potentialAction":[{"@type":"SearchAction","target":{"@type":"EntryPoint","urlTemplate":"http:\/\/tmp.vki-mg.net\/start\/?s={search_term_string}"},"query-input":"required name=search_term_string"}],"inLanguage":"de"},{"@type":"Organization","@id":"http:\/\/tmp.vki-mg.net\/start\/#organization","name":"Verband f\u00fcr Kulturen und Integration in M\u00f6nchengladbach e.V.","url":"http:\/\/tmp.vki-mg.net\/start\/","logo":{"@type":"ImageObject","inLanguage":"de","@id":"http:\/\/tmp.vki-mg.net\/start\/#\/schema\/logo\/image\/","url":"http:\/\/tmp.vki-mg.net\/wp-content\/uploads\/2023\/09\/cropped-Logo-VKI-Moenchengladbach.png","contentUrl":"http:\/\/tmp.vki-mg.net\/wp-content\/uploads\/2023\/09\/cropped-Logo-VKI-Moenchengladbach.png","width":3348,"height":1056,"caption":"Verband f\u00fcr Kulturen und Integration in M\u00f6nchengladbach e.V."},"image":{"@id":"http:\/\/tmp.vki-mg.net\/start\/#\/schema\/logo\/image\/"},"sameAs":["https:\/\/www.facebook.com\/profile.php?id=100064016290898&sk=about"]}]}},"_links":{"self":[{"href":"http:\/\/tmp.vki-mg.net\/start\/wp-json\/wp\/v2\/pages\/33","targetHints":{"allow":["GET"]}}],"collection":[{"href":"http:\/\/tmp.vki-mg.net\/start\/wp-json\/wp\/v2\/pages"}],"about":[{"href":"http:\/\/tmp.vki-mg.net\/start\/wp-json\/wp\/v2\/types\/page"}],"author":[{"embeddable":true,"href":"http:\/\/tmp.vki-mg.net\/start\/wp-json\/wp\/v2\/users\/1"}],"replies":[{"embeddable":true,"href":"http:\/\/tmp.vki-mg.net\/start\/wp-json\/wp\/v2\/comments?post=33"}],"version-history":[{"count":3,"href":"http:\/\/tmp.vki-mg.net\/start\/wp-json\/wp\/v2\/pages\/33\/revisions"}],"predecessor-version":[{"id":78,"href":"http:\/\/tmp.vki-mg.net\/start\/wp-json\/wp\/v2\/pages\/33\/revisions\/78"}],"wp:attachment":[{"href":"http:\/\/tmp.vki-mg.net\/start\/wp-json\/wp\/v2\/media?parent=33"}],"curies":[{"name":"wp","href":"https:\/\/api.w.org\/{rel}","templated":true}]}}