{"id":13,"date":"2023-09-07T10:28:43","date_gmt":"2023-09-07T08:28:43","guid":{"rendered":"http:\/\/tmp.vki-mg.net\/?page_id=13"},"modified":"2023-11-17T19:16:02","modified_gmt":"2023-11-17T18:16:02","slug":"kontakt","status":"publish","type":"page","link":"http:\/\/tmp.vki-mg.net\/start\/kontakt\/","title":{"rendered":"Kontakt"},"content":{"rendered":"\n<figure class=\"wp-block-gallery has-nested-images columns-default is-cropped wp-block-gallery-1 is-layout-flex wp-block-gallery-is-layout-flex\">\n<figure class=\"wp-block-image size-large\"><img loading=\"lazy\" decoding=\"async\" width=\"1024\" height=\"768\" data-id=\"124\" src=\"http:\/\/tmp.vki-mg.net\/wp-content\/uploads\/2023\/11\/20231116_124141-1024x768.jpg\" alt=\"\" class=\"wp-image-124\" srcset=\"http:\/\/tmp.vki-mg.net\/wp-content\/uploads\/2023\/11\/20231116_124141-1024x768.jpg 1024w, http:\/\/tmp.vki-mg.net\/wp-content\/uploads\/2023\/11\/20231116_124141-300x225.jpg 300w, http:\/\/tmp.vki-mg.net\/wp-content\/uploads\/2023\/11\/20231116_124141-768x576.jpg 768w, http:\/\/tmp.vki-mg.net\/wp-content\/uploads\/2023\/11\/20231116_124141-1536x1152.jpg 1536w, http:\/\/tmp.vki-mg.net\/wp-content\/uploads\/2023\/11\/20231116_124141-2048x1536.jpg 2048w\" sizes=\"auto, (max-width: 1024px) 100vw, 1024px\" \/><\/figure>\n\n\n\n<figure class=\"wp-block-image size-large\"><img loading=\"lazy\" decoding=\"async\" width=\"1024\" height=\"768\" data-id=\"122\" src=\"http:\/\/tmp.vki-mg.net\/wp-content\/uploads\/2023\/11\/20231116_124124-1024x768.jpg\" alt=\"\" class=\"wp-image-122\" srcset=\"http:\/\/tmp.vki-mg.net\/wp-content\/uploads\/2023\/11\/20231116_124124-1024x768.jpg 1024w, http:\/\/tmp.vki-mg.net\/wp-content\/uploads\/2023\/11\/20231116_124124-300x225.jpg 300w, http:\/\/tmp.vki-mg.net\/wp-content\/uploads\/2023\/11\/20231116_124124-768x576.jpg 768w, http:\/\/tmp.vki-mg.net\/wp-content\/uploads\/2023\/11\/20231116_124124-1536x1152.jpg 1536w, http:\/\/tmp.vki-mg.net\/wp-content\/uploads\/2023\/11\/20231116_124124-2048x1536.jpg 2048w\" sizes=\"auto, (max-width: 1024px) 100vw, 1024px\" \/><\/figure>\n\n\n\n<figure class=\"wp-block-image size-large\"><img loading=\"lazy\" decoding=\"async\" width=\"768\" height=\"1024\" data-id=\"123\" src=\"http:\/\/tmp.vki-mg.net\/wp-content\/uploads\/2023\/11\/20231116_124107-1-768x1024.jpg\" alt=\"\" class=\"wp-image-123\" srcset=\"http:\/\/tmp.vki-mg.net\/wp-content\/uploads\/2023\/11\/20231116_124107-1-768x1024.jpg 768w, http:\/\/tmp.vki-mg.net\/wp-content\/uploads\/2023\/11\/20231116_124107-1-225x300.jpg 225w, http:\/\/tmp.vki-mg.net\/wp-content\/uploads\/2023\/11\/20231116_124107-1-1152x1536.jpg 1152w, http:\/\/tmp.vki-mg.net\/wp-content\/uploads\/2023\/11\/20231116_124107-1-1536x2048.jpg 1536w, http:\/\/tmp.vki-mg.net\/wp-content\/uploads\/2023\/11\/20231116_124107-1-scaled.jpg 1920w\" sizes=\"auto, (max-width: 768px) 100vw, 768px\" \/><\/figure>\n<\/figure>\n\n\n\n<p>Verband f\u00fcr Kulturen &amp; Integration in M\u00f6chengladbach e. V.<br>M\u00fchlenstra\u00dfe 129<br>41236 M\u00f6nchengladbach<\/p>\n\n\n\n<div class=\"wp-block-group is-vertical is-layout-flex wp-container-core-group-is-layout-8cf370e7 wp-block-group-is-layout-flex\">\n<p>Email: vorstand(at)vki-mg.net<\/p>\n\n\n\n<p>Telefon: 01632453894<\/p>\n\n\n\n<p>Website: <a href=\"http:\/\/www.vki-mg.net\/\" target=\"_blank\" rel=\"noreferrer noopener\">http:\/\/www.vki-mg.net<\/a><\/p>\n<\/div>\n\n\n\n<div class=\"wpcf7 no-js\" id=\"wpcf7-f218-o1\" lang=\"de-DE\" dir=\"ltr\">\n<div class=\"screen-reader-response\"><p role=\"status\" aria-live=\"polite\" aria-atomic=\"true\"><\/p> <ul><\/ul><\/div>\n<form action=\"\/start\/wp-json\/wp\/v2\/pages\/13#wpcf7-f218-o1\" method=\"post\" class=\"wpcf7-form init\" aria-label=\"Kontaktformular\" novalidate=\"novalidate\" data-status=\"init\">\n<div style=\"display: none;\">\n<input type=\"hidden\" name=\"_wpcf7\" value=\"218\" \/>\n<input type=\"hidden\" name=\"_wpcf7_version\" value=\"5.8.3\" \/>\n<input type=\"hidden\" name=\"_wpcf7_locale\" value=\"de_DE\" \/>\n<input type=\"hidden\" name=\"_wpcf7_unit_tag\" value=\"wpcf7-f218-o1\" \/>\n<input type=\"hidden\" name=\"_wpcf7_container_post\" value=\"0\" \/>\n<input type=\"hidden\" name=\"_wpcf7_posted_data_hash\" value=\"\" \/>\n<\/div>\n<p><label> Dein Name<br \/>\n<span class=\"wpcf7-form-control-wrap\" data-name=\"your-name\"><input size=\"40\" class=\"wpcf7-form-control wpcf7-text wpcf7-validates-as-required\" autocomplete=\"name\" aria-required=\"true\" aria-invalid=\"false\" value=\"\" type=\"text\" name=\"your-name\" \/><\/span> <\/label>\n<\/p>\n<p><label> Deine E-Mail-Adresse<br \/>\n<span class=\"wpcf7-form-control-wrap\" data-name=\"your-email\"><input size=\"40\" class=\"wpcf7-form-control wpcf7-email wpcf7-validates-as-required wpcf7-text wpcf7-validates-as-email\" autocomplete=\"email\" aria-required=\"true\" aria-invalid=\"false\" value=\"\" type=\"email\" name=\"your-email\" \/><\/span> <\/label>\n<\/p>\n<p><label> Betreff<br \/>\n<span class=\"wpcf7-form-control-wrap\" data-name=\"your-subject\"><input size=\"40\" class=\"wpcf7-form-control wpcf7-text wpcf7-validates-as-required\" aria-required=\"true\" aria-invalid=\"false\" value=\"\" type=\"text\" name=\"your-subject\" \/><\/span> <\/label>\n<\/p>\n<p><label> Deine Nachricht (optional)<br \/>\n<span class=\"wpcf7-form-control-wrap\" data-name=\"your-message\"><textarea cols=\"40\" rows=\"10\" class=\"wpcf7-form-control wpcf7-textarea\" aria-invalid=\"false\" name=\"your-message\"><\/textarea><\/span> <\/label>\n<\/p>\n<p><input class=\"wpcf7-form-control wpcf7-submit has-spinner\" type=\"submit\" value=\"Senden\" \/>\n<\/p><div class=\"wpcf7-response-output\" aria-hidden=\"true\"><\/div>\n<\/form>\n<\/div>\n\n\n\n\n<p><\/p>\n","protected":false},"excerpt":{"rendered":"<p>Verband f\u00fcr Kulturen &amp; Integration in M\u00f6chengladbach e. V.M\u00fchlenstra\u00dfe 12941236 M\u00f6nchengladbach Email: vorstand(at)vki-mg.net Telefon: 01632453894 Website: http:\/\/www.vki-mg.net<\/p>\n","protected":false},"author":1,"featured_media":0,"parent":0,"menu_order":0,"comment_status":"closed","ping_status":"closed","template":"","meta":{"footnotes":""},"class_list":["post-13","page","type-page","status-publish","hentry"],"yoast_head":"<!-- This site is optimized with the Yoast SEO plugin v21.5 - https:\/\/yoast.com\/wordpress\/plugins\/seo\/ -->\n<title>Kontakt -<\/title>\n<meta name=\"robots\" content=\"index, follow, max-snippet:-1, max-image-preview:large, max-video-preview:-1\" \/>\n<link rel=\"canonical\" href=\"http:\/\/tmp.vki-mg.net\/start\/kontakt\/\" \/>\n<meta property=\"og:locale\" content=\"de_DE\" \/>\n<meta property=\"og:type\" content=\"article\" \/>\n<meta property=\"og:title\" content=\"Kontakt -\" \/>\n<meta property=\"og:description\" content=\"Verband f\u00fcr Kulturen &amp; Integration in M\u00f6chengladbach e. V.M\u00fchlenstra\u00dfe 12941236 M\u00f6nchengladbach Email: vorstand(at)vki-mg.net Telefon: 01632453894 Website: http:\/\/www.vki-mg.net\" \/>\n<meta property=\"og:url\" content=\"http:\/\/tmp.vki-mg.net\/start\/kontakt\/\" \/>\n<meta property=\"article:publisher\" content=\"https:\/\/www.facebook.com\/profile.php?id=100064016290898&amp;sk=about\" \/>\n<meta property=\"article:modified_time\" content=\"2023-11-17T18:16:02+00:00\" \/>\n<meta property=\"og:image\" content=\"http:\/\/tmp.vki-mg.net\/wp-content\/uploads\/2023\/11\/20231116_124141-1024x768.jpg\" \/>\n<meta name=\"twitter:card\" content=\"summary_large_image\" \/>\n<script type=\"application\/ld+json\" class=\"yoast-schema-graph\">{\"@context\":\"https:\/\/schema.org\",\"@graph\":[{\"@type\":\"WebPage\",\"@id\":\"http:\/\/tmp.vki-mg.net\/start\/kontakt\/\",\"url\":\"http:\/\/tmp.vki-mg.net\/start\/kontakt\/\",\"name\":\"Kontakt -\",\"isPartOf\":{\"@id\":\"http:\/\/tmp.vki-mg.net\/start\/#website\"},\"datePublished\":\"2023-09-07T08:28:43+00:00\",\"dateModified\":\"2023-11-17T18:16:02+00:00\",\"breadcrumb\":{\"@id\":\"http:\/\/tmp.vki-mg.net\/start\/kontakt\/#breadcrumb\"},\"inLanguage\":\"de\",\"potentialAction\":[{\"@type\":\"ReadAction\",\"target\":[\"http:\/\/tmp.vki-mg.net\/start\/kontakt\/\"]}]},{\"@type\":\"BreadcrumbList\",\"@id\":\"http:\/\/tmp.vki-mg.net\/start\/kontakt\/#breadcrumb\",\"itemListElement\":[{\"@type\":\"ListItem\",\"position\":1,\"name\":\"Startseite\",\"item\":\"http:\/\/tmp.vki-mg.net\/start\/\"},{\"@type\":\"ListItem\",\"position\":2,\"name\":\"Kontakt\"}]},{\"@type\":\"WebSite\",\"@id\":\"http:\/\/tmp.vki-mg.net\/start\/#website\",\"url\":\"http:\/\/tmp.vki-mg.net\/start\/\",\"name\":\"Verband f\u00fcr Kulturen und Integration\",\"description\":\"\",\"publisher\":{\"@id\":\"http:\/\/tmp.vki-mg.net\/start\/#organization\"},\"potentialAction\":[{\"@type\":\"SearchAction\",\"target\":{\"@type\":\"EntryPoint\",\"urlTemplate\":\"http:\/\/tmp.vki-mg.net\/start\/?s={search_term_string}\"},\"query-input\":\"required name=search_term_string\"}],\"inLanguage\":\"de\"},{\"@type\":\"Organization\",\"@id\":\"http:\/\/tmp.vki-mg.net\/start\/#organization\",\"name\":\"Verband f\u00fcr Kulturen und Integration in M\u00f6nchengladbach e.V.\",\"url\":\"http:\/\/tmp.vki-mg.net\/start\/\",\"logo\":{\"@type\":\"ImageObject\",\"inLanguage\":\"de\",\"@id\":\"http:\/\/tmp.vki-mg.net\/start\/#\/schema\/logo\/image\/\",\"url\":\"http:\/\/tmp.vki-mg.net\/wp-content\/uploads\/2023\/09\/cropped-Logo-VKI-Moenchengladbach.png\",\"contentUrl\":\"http:\/\/tmp.vki-mg.net\/wp-content\/uploads\/2023\/09\/cropped-Logo-VKI-Moenchengladbach.png\",\"width\":3348,\"height\":1056,\"caption\":\"Verband f\u00fcr Kulturen und Integration in M\u00f6nchengladbach e.V.\"},\"image\":{\"@id\":\"http:\/\/tmp.vki-mg.net\/start\/#\/schema\/logo\/image\/\"},\"sameAs\":[\"https:\/\/www.facebook.com\/profile.php?id=100064016290898&sk=about\"]}]}<\/script>\n<!-- \/ Yoast SEO plugin. -->","yoast_head_json":{"title":"Kontakt -","robots":{"index":"index","follow":"follow","max-snippet":"max-snippet:-1","max-image-preview":"max-image-preview:large","max-video-preview":"max-video-preview:-1"},"canonical":"http:\/\/tmp.vki-mg.net\/start\/kontakt\/","og_locale":"de_DE","og_type":"article","og_title":"Kontakt -","og_description":"Verband f\u00fcr Kulturen &amp; Integration in M\u00f6chengladbach e. V.M\u00fchlenstra\u00dfe 12941236 M\u00f6nchengladbach Email: vorstand(at)vki-mg.net Telefon: 01632453894 Website: http:\/\/www.vki-mg.net","og_url":"http:\/\/tmp.vki-mg.net\/start\/kontakt\/","article_publisher":"https:\/\/www.facebook.com\/profile.php?id=100064016290898&sk=about","article_modified_time":"2023-11-17T18:16:02+00:00","og_image":[{"url":"http:\/\/tmp.vki-mg.net\/wp-content\/uploads\/2023\/11\/20231116_124141-1024x768.jpg"}],"twitter_card":"summary_large_image","schema":{"@context":"https:\/\/schema.org","@graph":[{"@type":"WebPage","@id":"http:\/\/tmp.vki-mg.net\/start\/kontakt\/","url":"http:\/\/tmp.vki-mg.net\/start\/kontakt\/","name":"Kontakt -","isPartOf":{"@id":"http:\/\/tmp.vki-mg.net\/start\/#website"},"datePublished":"2023-09-07T08:28:43+00:00","dateModified":"2023-11-17T18:16:02+00:00","breadcrumb":{"@id":"http:\/\/tmp.vki-mg.net\/start\/kontakt\/#breadcrumb"},"inLanguage":"de","potentialAction":[{"@type":"ReadAction","target":["http:\/\/tmp.vki-mg.net\/start\/kontakt\/"]}]},{"@type":"BreadcrumbList","@id":"http:\/\/tmp.vki-mg.net\/start\/kontakt\/#breadcrumb","itemListElement":[{"@type":"ListItem","position":1,"name":"Startseite","item":"http:\/\/tmp.vki-mg.net\/start\/"},{"@type":"ListItem","position":2,"name":"Kontakt"}]},{"@type":"WebSite","@id":"http:\/\/tmp.vki-mg.net\/start\/#website","url":"http:\/\/tmp.vki-mg.net\/start\/","name":"Verband f\u00fcr Kulturen und Integration","description":"","publisher":{"@id":"http:\/\/tmp.vki-mg.net\/start\/#organization"},"potentialAction":[{"@type":"SearchAction","target":{"@type":"EntryPoint","urlTemplate":"http:\/\/tmp.vki-mg.net\/start\/?s={search_term_string}"},"query-input":"required name=search_term_string"}],"inLanguage":"de"},{"@type":"Organization","@id":"http:\/\/tmp.vki-mg.net\/start\/#organization","name":"Verband f\u00fcr Kulturen und Integration in M\u00f6nchengladbach e.V.","url":"http:\/\/tmp.vki-mg.net\/start\/","logo":{"@type":"ImageObject","inLanguage":"de","@id":"http:\/\/tmp.vki-mg.net\/start\/#\/schema\/logo\/image\/","url":"http:\/\/tmp.vki-mg.net\/wp-content\/uploads\/2023\/09\/cropped-Logo-VKI-Moenchengladbach.png","contentUrl":"http:\/\/tmp.vki-mg.net\/wp-content\/uploads\/2023\/09\/cropped-Logo-VKI-Moenchengladbach.png","width":3348,"height":1056,"caption":"Verband f\u00fcr Kulturen und Integration in M\u00f6nchengladbach e.V."},"image":{"@id":"http:\/\/tmp.vki-mg.net\/start\/#\/schema\/logo\/image\/"},"sameAs":["https:\/\/www.facebook.com\/profile.php?id=100064016290898&sk=about"]}]}},"_links":{"self":[{"href":"http:\/\/tmp.vki-mg.net\/start\/wp-json\/wp\/v2\/pages\/13","targetHints":{"allow":["GET"]}}],"collection":[{"href":"http:\/\/tmp.vki-mg.net\/start\/wp-json\/wp\/v2\/pages"}],"about":[{"href":"http:\/\/tmp.vki-mg.net\/start\/wp-json\/wp\/v2\/types\/page"}],"author":[{"embeddable":true,"href":"http:\/\/tmp.vki-mg.net\/start\/wp-json\/wp\/v2\/users\/1"}],"replies":[{"embeddable":true,"href":"http:\/\/tmp.vki-mg.net\/start\/wp-json\/wp\/v2\/comments?post=13"}],"version-history":[{"count":4,"href":"http:\/\/tmp.vki-mg.net\/start\/wp-json\/wp\/v2\/pages\/13\/revisions"}],"predecessor-version":[{"id":221,"href":"http:\/\/tmp.vki-mg.net\/start\/wp-json\/wp\/v2\/pages\/13\/revisions\/221"}],"wp:attachment":[{"href":"http:\/\/tmp.vki-mg.net\/start\/wp-json\/wp\/v2\/media?parent=13"}],"curies":[{"name":"wp","href":"https:\/\/api.w.org\/{rel}","templated":true}]}}